{"id":98,"date":"2011-10-19T12:53:48","date_gmt":"2011-10-19T12:53:48","guid":{"rendered":"http:\/\/local.fatras.fr\/?page_id=98"},"modified":"2025-12-04T12:58:55","modified_gmt":"2025-12-04T11:58:55","slug":"photos-de-lappartement","status":"publish","type":"page","link":"https:\/\/jacquesprevert.fr\/en\/lappartement\/photos-de-lappartement\/","title":{"rendered":"Les photos"},"content":{"rendered":"\n\n\n<figure class=\"wp-block-image size-large is-resized\"><a href=\"https:\/\/jacquesprevert.fr\/wp-content\/uploads\/2025\/11\/credit-association-chez-jacques-prevert-bureau-2-001-1.jpg\"><img loading=\"lazy\" decoding=\"async\" width=\"1024\" height=\"899\" src=\"https:\/\/jacquesprevert.fr\/wp-content\/uploads\/2025\/11\/credit-association-chez-jacques-prevert-bureau-2-001-1-1024x899.jpg\" alt=\"\" class=\"wp-image-2648\" style=\"width:600px\" srcset=\"https:\/\/jacquesprevert.fr\/wp-content\/uploads\/2025\/11\/credit-association-chez-jacques-prevert-bureau-2-001-1-1024x899.jpg 1024w, https:\/\/jacquesprevert.fr\/wp-content\/uploads\/2025\/11\/credit-association-chez-jacques-prevert-bureau-2-001-1-300x263.jpg 300w, https:\/\/jacquesprevert.fr\/wp-content\/uploads\/2025\/11\/credit-association-chez-jacques-prevert-bureau-2-001-1-768x674.jpg 768w, https:\/\/jacquesprevert.fr\/wp-content\/uploads\/2025\/11\/credit-association-chez-jacques-prevert-bureau-2-001-1-650x570.jpg 650w, https:\/\/jacquesprevert.fr\/wp-content\/uploads\/2025\/11\/credit-association-chez-jacques-prevert-bureau-2-001-1.jpg 1200w\" sizes=\"auto, (max-width: 1024px) 100vw, 1024px\" \/><\/a><figcaption class=\"wp-element-caption\">Credit Association Chez Jacques Pr\u00e9vert<\/figcaption><\/figure>\n\n\n\n<figure class=\"wp-block-image size-full is-resized\"><a href=\"https:\/\/jacquesprevert.fr\/wp-content\/uploads\/2012\/10\/IMG_8143.jpg\"><img loading=\"lazy\" decoding=\"async\" width=\"800\" height=\"600\" src=\"https:\/\/jacquesprevert.fr\/wp-content\/uploads\/2012\/10\/IMG_8143.jpg\" alt=\"\" class=\"wp-image-956\" style=\"width:600px\" srcset=\"https:\/\/jacquesprevert.fr\/wp-content\/uploads\/2012\/10\/IMG_8143.jpg 800w, https:\/\/jacquesprevert.fr\/wp-content\/uploads\/2012\/10\/IMG_8143-300x225.jpg 300w, https:\/\/jacquesprevert.fr\/wp-content\/uploads\/2012\/10\/IMG_8143-650x487.jpg 650w\" sizes=\"auto, (max-width: 800px) 100vw, 800px\" \/><\/a><figcaption class=\"wp-element-caption\">D.R.<\/figcaption><\/figure>\n\n\n\n<figure class=\"wp-block-image size-large is-resized\"><a href=\"https:\/\/jacquesprevert.fr\/wp-content\/uploads\/2025\/11\/credit-association-chez-jacques-prevert-salon-2-2012.jpg\"><img loading=\"lazy\" decoding=\"async\" width=\"1024\" height=\"726\" src=\"https:\/\/jacquesprevert.fr\/wp-content\/uploads\/2025\/11\/credit-association-chez-jacques-prevert-salon-2-2012-1024x726.jpg\" alt=\"\" class=\"wp-image-2650\" style=\"width:600px\" srcset=\"https:\/\/jacquesprevert.fr\/wp-content\/uploads\/2025\/11\/credit-association-chez-jacques-prevert-salon-2-2012-1024x726.jpg 1024w, https:\/\/jacquesprevert.fr\/wp-content\/uploads\/2025\/11\/credit-association-chez-jacques-prevert-salon-2-2012-300x213.jpg 300w, https:\/\/jacquesprevert.fr\/wp-content\/uploads\/2025\/11\/credit-association-chez-jacques-prevert-salon-2-2012-768x545.jpg 768w, https:\/\/jacquesprevert.fr\/wp-content\/uploads\/2025\/11\/credit-association-chez-jacques-prevert-salon-2-2012-650x461.jpg 650w, https:\/\/jacquesprevert.fr\/wp-content\/uploads\/2025\/11\/credit-association-chez-jacques-prevert-salon-2-2012.jpg 1200w\" sizes=\"auto, (max-width: 1024px) 100vw, 1024px\" \/><\/a><figcaption class=\"wp-element-caption\">Credit Association Chez Jacques Pr\u00e9vert<\/figcaption><\/figure>\n\n\n\n<figure class=\"wp-block-image size-large is-resized\"><a href=\"https:\/\/jacquesprevert.fr\/wp-content\/uploads\/2025\/11\/credit-association-chez-jacques-prevert-chambre-003.jpg\"><img loading=\"lazy\" decoding=\"async\" width=\"1024\" height=\"876\" src=\"https:\/\/jacquesprevert.fr\/wp-content\/uploads\/2025\/11\/credit-association-chez-jacques-prevert-chambre-003-1024x876.jpg\" alt=\"\" class=\"wp-image-2649\" style=\"width:600px\" srcset=\"https:\/\/jacquesprevert.fr\/wp-content\/uploads\/2025\/11\/credit-association-chez-jacques-prevert-chambre-003-1024x876.jpg 1024w, https:\/\/jacquesprevert.fr\/wp-content\/uploads\/2025\/11\/credit-association-chez-jacques-prevert-chambre-003-300x257.jpg 300w, https:\/\/jacquesprevert.fr\/wp-content\/uploads\/2025\/11\/credit-association-chez-jacques-prevert-chambre-003-768x657.jpg 768w, https:\/\/jacquesprevert.fr\/wp-content\/uploads\/2025\/11\/credit-association-chez-jacques-prevert-chambre-003-650x556.jpg 650w, https:\/\/jacquesprevert.fr\/wp-content\/uploads\/2025\/11\/credit-association-chez-jacques-prevert-chambre-003.jpg 1200w\" sizes=\"auto, (max-width: 1024px) 100vw, 1024px\" \/><\/a><figcaption class=\"wp-element-caption\">Credit Association Chez Jacques Pr\u00e9vert<\/figcaption><\/figure>\n\n\n\n<figure class=\"wp-block-image size-large is-resized\"><a href=\"https:\/\/jacquesprevert.fr\/wp-content\/uploads\/2011\/10\/salon-3.jpg\"><img loading=\"lazy\" decoding=\"async\" width=\"681\" height=\"1024\" src=\"https:\/\/jacquesprevert.fr\/wp-content\/uploads\/2011\/10\/salon-3-681x1024.jpg\" alt=\"\" class=\"wp-image-434\" style=\"width:600px\" srcset=\"https:\/\/jacquesprevert.fr\/wp-content\/uploads\/2011\/10\/salon-3-681x1024.jpg 681w, https:\/\/jacquesprevert.fr\/wp-content\/uploads\/2011\/10\/salon-3-199x300.jpg 199w, https:\/\/jacquesprevert.fr\/wp-content\/uploads\/2011\/10\/salon-3.jpg 2000w\" sizes=\"auto, (max-width: 681px) 100vw, 681px\" \/><\/a><figcaption class=\"wp-element-caption\">Salon &#8211; Photo Suzanne Nagy<\/figcaption><\/figure>\n\n\n\n<figure class=\"wp-block-image size-large is-resized\"><a href=\"https:\/\/jacquesprevert.fr\/wp-content\/uploads\/2011\/10\/archives-2.jpg\"><img loading=\"lazy\" decoding=\"async\" width=\"1024\" height=\"681\" src=\"https:\/\/jacquesprevert.fr\/wp-content\/uploads\/2011\/10\/archives-2-1024x681.jpg\" alt=\"\" class=\"wp-image-429\" style=\"width:600px\" srcset=\"https:\/\/jacquesprevert.fr\/wp-content\/uploads\/2011\/10\/archives-2-1024x681.jpg 1024w, https:\/\/jacquesprevert.fr\/wp-content\/uploads\/2011\/10\/archives-2-300x199.jpg 300w, https:\/\/jacquesprevert.fr\/wp-content\/uploads\/2011\/10\/archives-2.jpg 2000w\" sizes=\"auto, (max-width: 1024px) 100vw, 1024px\" \/><\/a><figcaption class=\"wp-element-caption\">Salle d&#8217;archives et de projection &#8211; Photo Suzanne Nagy<\/figcaption><\/figure>\n\n\n\n<figure class=\"wp-block-image size-large is-resized\"><a href=\"https:\/\/jacquesprevert.fr\/wp-content\/uploads\/2025\/11\/credit.Trauner-001.jpg\"><img loading=\"lazy\" decoding=\"async\" width=\"1024\" height=\"701\" src=\"https:\/\/jacquesprevert.fr\/wp-content\/uploads\/2025\/11\/credit.Trauner-001-1024x701.jpg\" alt=\"\" class=\"wp-image-2627\" style=\"width:600px\" srcset=\"https:\/\/jacquesprevert.fr\/wp-content\/uploads\/2025\/11\/credit.Trauner-001-1024x701.jpg 1024w, https:\/\/jacquesprevert.fr\/wp-content\/uploads\/2025\/11\/credit.Trauner-001-300x206.jpg 300w, https:\/\/jacquesprevert.fr\/wp-content\/uploads\/2025\/11\/credit.Trauner-001-768x526.jpg 768w, https:\/\/jacquesprevert.fr\/wp-content\/uploads\/2025\/11\/credit.Trauner-001-600x411.jpg 600w, https:\/\/jacquesprevert.fr\/wp-content\/uploads\/2025\/11\/credit.Trauner-001-650x445.jpg 650w, https:\/\/jacquesprevert.fr\/wp-content\/uploads\/2025\/11\/credit.Trauner-001.jpg 1200w\" sizes=\"auto, (max-width: 1024px) 100vw, 1024px\" \/><\/a><figcaption class=\"wp-element-caption\">Jacques et Janine Pr\u00e9vert, Cit\u00e9 V\u00e9ron. Credit : Alexandre Trauner<\/figcaption><\/figure>\n\n\n\n<figure class=\"wp-block-image size-large is-resized\"><a href=\"https:\/\/jacquesprevert.fr\/wp-content\/uploads\/2025\/11\/credit-DR-association-chez-jacques-prevert-2.jpg\"><img loading=\"lazy\" decoding=\"async\" width=\"876\" height=\"1024\" src=\"https:\/\/jacquesprevert.fr\/wp-content\/uploads\/2025\/11\/credit-DR-association-chez-jacques-prevert-2-876x1024.jpg\" alt=\"\" class=\"wp-image-2652\" style=\"width:600px\" srcset=\"https:\/\/jacquesprevert.fr\/wp-content\/uploads\/2025\/11\/credit-DR-association-chez-jacques-prevert-2-876x1024.jpg 876w, https:\/\/jacquesprevert.fr\/wp-content\/uploads\/2025\/11\/credit-DR-association-chez-jacques-prevert-2-257x300.jpg 257w, https:\/\/jacquesprevert.fr\/wp-content\/uploads\/2025\/11\/credit-DR-association-chez-jacques-prevert-2-768x898.jpg 768w, https:\/\/jacquesprevert.fr\/wp-content\/uploads\/2025\/11\/credit-DR-association-chez-jacques-prevert-2-650x760.jpg 650w, https:\/\/jacquesprevert.fr\/wp-content\/uploads\/2025\/11\/credit-DR-association-chez-jacques-prevert-2.jpg 1026w\" sizes=\"auto, (max-width: 876px) 100vw, 876px\" \/><\/a><figcaption class=\"wp-element-caption\">Credit DR Association Chez Jacques Pr\u00e9vert<\/figcaption><\/figure>\n","protected":false},"excerpt":{"rendered":"","protected":false},"author":3,"featured_media":0,"parent":13,"menu_order":0,"comment_status":"open","ping_status":"closed","template":"template_gallery.php","meta":{"footnotes":""},"class_list":["post-98","page","type-page","status-publish","hentry"],"aioseo_notices":[],"_links":{"self":[{"href":"https:\/\/jacquesprevert.fr\/en\/wp-json\/wp\/v2\/pages\/98","targetHints":{"allow":["GET"]}}],"collection":[{"href":"https:\/\/jacquesprevert.fr\/en\/wp-json\/wp\/v2\/pages"}],"about":[{"href":"https:\/\/jacquesprevert.fr\/en\/wp-json\/wp\/v2\/types\/page"}],"author":[{"embeddable":true,"href":"https:\/\/jacquesprevert.fr\/en\/wp-json\/wp\/v2\/users\/3"}],"replies":[{"embeddable":true,"href":"https:\/\/jacquesprevert.fr\/en\/wp-json\/wp\/v2\/comments?post=98"}],"version-history":[{"count":20,"href":"https:\/\/jacquesprevert.fr\/en\/wp-json\/wp\/v2\/pages\/98\/revisions"}],"predecessor-version":[{"id":2702,"href":"https:\/\/jacquesprevert.fr\/en\/wp-json\/wp\/v2\/pages\/98\/revisions\/2702"}],"up":[{"embeddable":true,"href":"https:\/\/jacquesprevert.fr\/en\/wp-json\/wp\/v2\/pages\/13"}],"wp:attachment":[{"href":"https:\/\/jacquesprevert.fr\/en\/wp-json\/wp\/v2\/media?parent=98"}],"curies":[{"name":"wp","href":"https:\/\/api.w.org\/{rel}","templated":true}]}}